{"id":435,"date":"2022-09-16T17:58:00","date_gmt":"2022-09-16T15:58:00","guid":{"rendered":"https:\/\/solarbuergergenossenschaft2.benjaminkuerten.de\/?page_id=435"},"modified":"2023-01-16T00:11:12","modified_gmt":"2023-01-15T22:11:12","slug":"chronik","status":"publish","type":"page","link":"https:\/\/www.solarbuergergenossenschaft.de\/index.php\/chronik\/","title":{"rendered":"Chronik"},"content":{"rendered":"\t\t<div data-elementor-type=\"wp-page\" data-elementor-id=\"435\" class=\"elementor elementor-435\">\n\t\t\t\t\t\t<section class=\"elementor-section elementor-top-section elementor-element elementor-element-b553e3d elementor-section-boxed elementor-section-height-default elementor-section-height-default\" data-id=\"b553e3d\" data-element_type=\"section\" data-e-type=\"section\">\n\t\t\t\t\t\t<div class=\"elementor-container elementor-column-gap-default\">\n\t\t\t\t\t<div class=\"elementor-column elementor-col-100 elementor-top-column elementor-element elementor-element-bbdbd96\" data-id=\"bbdbd96\" data-element_type=\"column\" data-e-type=\"column\">\n\t\t\t<div class=\"elementor-widget-wrap elementor-element-populated\">\n\t\t\t\t\t\t<div class=\"elementor-element elementor-element-16e7eba elementor-widget elementor-widget-heading\" data-id=\"16e7eba\" data-element_type=\"widget\" data-e-type=\"widget\" data-widget_type=\"heading.default\">\n\t\t\t\t<div class=\"elementor-widget-container\">\n\t\t\t\t\t<h2 class=\"elementor-heading-title elementor-size-default\">Chronik der Solar-B\u00fcrger-Genossenschaft<\/h2>\t\t\t\t<\/div>\n\t\t\t\t<\/div>\n\t\t\t\t<div class=\"elementor-element elementor-element-103b8d9 elementor-widget elementor-widget-text-editor\" data-id=\"103b8d9\" data-element_type=\"widget\" data-e-type=\"widget\" data-widget_type=\"text-editor.default\">\n\t\t\t\t<div class=\"elementor-widget-container\">\n\t\t\t\t\t\t\t\t\t<div id=\"content\" class=\"container-fluid\">\n<div class=\"row\">\n<div class=\"content-area com_content col-sm-12\">\n<article class=\"article\" aria-label=\"Chronik\">\n<div class=\"item-page clearfix\">\n<div class=\"article\">\n<div class=\"item article-content clearfix\">\n<div class=\"item-body \">\n<div class=\"description\">\n<h4>Eine Genossenschaft mit Geschichte<\/h4>\n<div>\n<div class=\"O2\">Die Solar-B\u00fcrger-Genossenschaft ist aus einer Privatinitiative heraus entstanden.<\/div>\n<div class=\"O2\">Ende der 80er Jahre lebte die Widerstandsbewegung gegen die AKWs im Odenwaldkreis Obrigheim und Biblis erneut auf und aus dieser Bewegung entstanden mehrere Vereine, die sich f\u00fcr eine nachhaltige Energieversorgung einsetzten und B\u00fcrgersolaranlagen planten.<\/div>\n<div class=\"O2\">Aus diesen Initiativen kristallisierte sich 2005 das Gr\u00fcndungsteam der Solar-B\u00fcrger-Genossenschaft heraus.<\/div>\n<div class=\"O2\">Dabei waren Burghard Flieger, der heute noch im Vorstand der Genossenschaft aktiv ist und schon damals ein erfahrener Genossenschaftsgr\u00fcnder war, und Erhard Renz, er ist auch heute noch in der Genossenschaft, und engagiert sich auch immernoch stark f\u00fcr die Entwicklung einer neuen Energiewirtschaft, zum Beispiel mit seinem Blog&nbsp;<a title=\"Der Sonnenfl\u00fcsterer - zum Blog wechseln\" href=\"http:\/\/www.sonnenfluesterer.de\/\" target=\"_blank\" rel=\"noopener noreferrer\">http:\/\/www.sonnenfluesterer.de\/<\/a>.<\/div>\n<div class=\"O2\">Die Solar-B\u00fcrger-Genossenschaft war damit eine der ersten kleinen Energiegenossenschaften, die von B\u00fcrgern und Fachleuten gegr\u00fcndet wurde.<\/div>\n<\/div>\n<p>2006 erfolgte die Eintragung als Genossenschaft in B\u00fcrstadt.<\/p>\n<\/div>\n<\/div>\n<\/div>\n<\/div>\n<\/div>\n<\/article>\n<\/div>\n<\/div>\n<\/div>\t\t\t\t\t\t\t\t<\/div>\n\t\t\t\t<\/div>\n\t\t\t\t<div class=\"elementor-element elementor-element-2b9a22d elementor-widget elementor-widget-text-editor\" data-id=\"2b9a22d\" data-element_type=\"widget\" data-e-type=\"widget\" data-widget_type=\"text-editor.default\">\n\t\t\t\t<div class=\"elementor-widget-container\">\n\t\t\t\t\t\t\t\t\t<div id=\"content\" class=\"container-fluid\"><div class=\"row\"><div class=\"content-area com_content col-sm-12\"><article class=\"article\" aria-label=\"Chronik\"><div class=\"item-page clearfix\"><div class=\"article\"><div class=\"item article-content clearfix\"><div class=\"item-body \"><div class=\"description\"><h4>Die Grunds\u00e4tze der Genossenschaft<\/h4><div><div class=\"O2\">Die Genossenschaft befasst sich insbesondere mit gemeinschaftlicher Produktion, Einkauf und Verteilung von Erneuerbaren Energien sowie der Planung, der Erstellung und dem Betreiben von Anlagen zur regenerativen Energieerzeugung und der Versorgung mit Erneuerbaren Energien. Au\u00dferdem sollen Ma\u00dfnahmen zur Steigerung der Energieeffizienz, Energieeinsparung und umweltfreundlichen Mobilit\u00e4t ergriffen sowie Dienstleistungen und Beratung angeboten werden.<br \/>Die Genossenschaft kann in allen Bereichen t\u00e4tig werden, die einer umweltfreundlichen Energieversorgung dienlich sind.<\/div><\/div><\/div><\/div><\/div><\/div><\/div><\/article><\/div><\/div><\/div>\t\t\t\t\t\t\t\t<\/div>\n\t\t\t\t<\/div>\n\t\t\t\t<div class=\"elementor-element elementor-element-fc49f95 elementor-widget elementor-widget-text-editor\" data-id=\"fc49f95\" data-element_type=\"widget\" data-e-type=\"widget\" data-widget_type=\"text-editor.default\">\n\t\t\t\t<div class=\"elementor-widget-container\">\n\t\t\t\t\t\t\t\t\t<div id=\"content\" class=\"container-fluid\"><div class=\"row\"><div class=\"content-area com_content col-sm-12\"><article class=\"article\" aria-label=\"Chronik\"><div class=\"item-page clearfix\"><div class=\"article\"><div class=\"item article-content clearfix\"><div class=\"item-body \"><div class=\"description\"><h4>Die Ziele der Genossenschaft<\/h4><div><div class=\"O2\"><p>Die Energiewirtschaft muss komplett erneuert werden. Die Zukunft der Energie soll in den H\u00e4nden Vieler liegen.<br \/>Je mehr Kleingruppen, Initiativen, Privatleute, kleine Unternehmen und Kommunen ihren Strom und ihre W\u00e4rme selbst produzieren, desto mehr k\u00f6nnen sie in Zukunft Qualit\u00e4t und Preis der Energie transparent mitgestalten.<\/p><p>Die solargeno als Genossenschaft kann den Bau von Blockheizkraftwerken, Solaranlagen und anderen regenerativen Energieerzeugungsanlagen erm\u00f6glichen oder Energieeffizienz- und -einsparma\u00dfnahmen in Geb\u00e4uden durch B\u00fcrger-Energie-Contracting unterst\u00fctzen.<\/p><p>Ziel der Genossenschaft ist eine Demokratisierung der Energiewirtschaft und die F\u00f6rderung der Energiewende hin zu einer nachhaltigen Energieversorgung mit B\u00fcrgerbeteiligung. Die Aktivit\u00e4ten der Genossenschaft dienen einer umweltfreundlichen, ressourcenschonenden, effizienten, dezentralen, nicht monopolistischen Energiewirtschaft.<br \/>Hierdurch sollen Klimaschutz und gerechte Verteilung von Ressourcen erreicht werden.<br \/>Durch eine wirtschaftliche Beteiligung k\u00f6nnen Genossenschaftsmitglieder an dieser Entwicklung sowie am \u00f6konomischen Erfolg teilhaben und werden durch die Genossenschaft bei ihrem eigenen Engagement mit Service- und Beratungsleistungen unterst\u00fctzt.<br \/>Die Genossenschaft handelt \u00fcberregional und versteht sich auch als Dachorganisation f\u00fcr Projekte von lokalen Gruppen, die vor Ort ihre eigene Anlage realisieren wollen, ohne daf\u00fcr selbst den Weg der Genossenschaftsgr\u00fcndung zu gehen.<br \/>Sie sucht die Zusammenarbeit mit Vereinen, die sich ebenfalls zu oben genannten Zielen bekennen.<\/p><\/div><\/div><\/div><\/div><\/div><\/div><\/div><\/article><\/div><\/div><\/div>\t\t\t\t\t\t\t\t<\/div>\n\t\t\t\t<\/div>\n\t\t\t\t<div class=\"elementor-element elementor-element-77fdc04 elementor-arrows-position-inside elementor-pagination-position-outside elementor-widget elementor-widget-image-carousel\" data-id=\"77fdc04\" data-element_type=\"widget\" data-e-type=\"widget\" data-settings=\"{&quot;navigation&quot;:&quot;both&quot;,&quot;autoplay&quot;:&quot;yes&quot;,&quot;pause_on_hover&quot;:&quot;yes&quot;,&quot;pause_on_interaction&quot;:&quot;yes&quot;,&quot;autoplay_speed&quot;:5000,&quot;infinite&quot;:&quot;yes&quot;,&quot;speed&quot;:500}\" data-widget_type=\"image-carousel.default\">\n\t\t\t\t<div class=\"elementor-widget-container\">\n\t\t\t\t\t\t\t<div class=\"elementor-image-carousel-wrapper swiper\" role=\"region\" aria-roledescription=\"carousel\" aria-label=\"Bild Karussell\" dir=\"ltr\">\n\t\t\t<div class=\"elementor-image-carousel swiper-wrapper\" aria-live=\"off\">\n\t\t\t\t\t\t\t\t<div class=\"swiper-slide\" role=\"group\" aria-roledescription=\"slide\" aria-label=\"1 von 8\"><figure class=\"swiper-slide-inner\"><img decoding=\"async\" class=\"swiper-slide-image\" src=\"https:\/\/www.solarbuergergenossenschaft.de\/wp-content\/uploads\/2022\/09\/logo-pamina-solar-suedpfalz-150x150.png\" alt=\"logo-pamina-solar-suedpfalz\" \/><\/figure><\/div><div class=\"swiper-slide\" role=\"group\" aria-roledescription=\"slide\" aria-label=\"2 von 8\"><figure class=\"swiper-slide-inner\"><img decoding=\"async\" class=\"swiper-slide-image\" src=\"https:\/\/www.solarbuergergenossenschaft.de\/wp-content\/uploads\/2022\/09\/logo-energiegenossenschaft-gruenden-150x150.png\" alt=\"logo-energiegenossenschaft-gruenden\" \/><\/figure><\/div><div class=\"swiper-slide\" role=\"group\" aria-roledescription=\"slide\" aria-label=\"3 von 8\"><figure class=\"swiper-slide-inner\"><img decoding=\"async\" class=\"swiper-slide-image\" src=\"https:\/\/www.solarbuergergenossenschaft.de\/wp-content\/uploads\/2022\/09\/logo-flaig-ritterhof-150x150.png\" alt=\"logo-flaig-ritterhof\" \/><\/figure><\/div><div class=\"swiper-slide\" role=\"group\" aria-roledescription=\"slide\" aria-label=\"4 von 8\"><figure class=\"swiper-slide-inner\"><img decoding=\"async\" class=\"swiper-slide-image\" src=\"https:\/\/www.solarbuergergenossenschaft.de\/wp-content\/uploads\/2022\/09\/logo-fesa-ev-die-zukunft-ist-erneuerbar-150x150.png\" alt=\"logo-fesa-ev-die-zukunft-ist-erneuerbar\" \/><\/figure><\/div><div class=\"swiper-slide\" role=\"group\" aria-roledescription=\"slide\" aria-label=\"5 von 8\"><figure class=\"swiper-slide-inner\"><img decoding=\"async\" class=\"swiper-slide-image\" src=\"https:\/\/www.solarbuergergenossenschaft.de\/wp-content\/uploads\/2022\/09\/logo-buergerwerke-energie-in-gemeinschaft-150x150.png\" alt=\"logo-buergerwerke-energie-in-gemeinschaft\" \/><\/figure><\/div><div class=\"swiper-slide\" role=\"group\" aria-roledescription=\"slide\" aria-label=\"6 von 8\"><figure class=\"swiper-slide-inner\"><img decoding=\"async\" class=\"swiper-slide-image\" src=\"https:\/\/www.solarbuergergenossenschaft.de\/wp-content\/uploads\/2022\/09\/logo-cluster-greencity-freiburg-150x150.png\" alt=\"logo-cluster-greencity-freiburg\" \/><\/figure><\/div><div class=\"swiper-slide\" role=\"group\" aria-roledescription=\"slide\" aria-label=\"7 von 8\"><figure class=\"swiper-slide-inner\"><img decoding=\"async\" class=\"swiper-slide-image\" src=\"https:\/\/www.solarbuergergenossenschaft.de\/wp-content\/uploads\/2022\/09\/logo-landesnetzwerk-buergerernergiegenossenschaftt-rheinland-pfalz-150x150.png\" alt=\"logo-landesnetzwerk-buergerernergiegenossenschaftt-rheinland-pfalz\" \/><\/figure><\/div><div class=\"swiper-slide\" role=\"group\" aria-roledescription=\"slide\" aria-label=\"8 von 8\"><figure class=\"swiper-slide-inner\"><img decoding=\"async\" class=\"swiper-slide-image\" src=\"https:\/\/www.solarbuergergenossenschaft.de\/wp-content\/uploads\/2022\/09\/logo-freiburger-klimabuendnis-150x150.png\" alt=\"logo-freiburger-klimabuendnis\" \/><\/figure><\/div>\t\t\t<\/div>\n\t\t\t\t\t\t\t\t\t\t\t\t<div class=\"elementor-swiper-button elementor-swiper-button-prev\" role=\"button\" tabindex=\"0\">\n\t\t\t\t\t\t<i aria-hidden=\"true\" class=\"eicon-chevron-left\"><\/i>\t\t\t\t\t<\/div>\n\t\t\t\t\t<div class=\"elementor-swiper-button elementor-swiper-button-next\" role=\"button\" tabindex=\"0\">\n\t\t\t\t\t\t<i aria-hidden=\"true\" class=\"eicon-chevron-right\"><\/i>\t\t\t\t\t<\/div>\n\t\t\t\t\n\t\t\t\t\t\t\t\t\t<div class=\"swiper-pagination\"><\/div>\n\t\t\t\t\t\t\t\t\t<\/div>\n\t\t\t\t\t\t<\/div>\n\t\t\t\t<\/div>\n\t\t\t\t\t<\/div>\n\t\t<\/div>\n\t\t\t\t\t<\/div>\n\t\t<\/section>\n\t\t\t\t<\/div>\n\t\t","protected":false},"excerpt":{"rendered":"<p>Chronik der Solar-B\u00fcrger-Genossenschaft Eine Genossenschaft mit Geschichte Die Solar-B\u00fcrger-Genossenschaft ist aus einer Privatinitiative heraus entstanden. Ende der 80er Jahre lebte die Widerstandsbewegung gegen die AKWs im Odenwaldkreis Obrigheim und Biblis [&hellip;]<\/p>\n","protected":false},"author":1,"featured_media":0,"parent":0,"menu_order":0,"comment_status":"closed","ping_status":"closed","template":"","meta":{"site-sidebar-layout":"no-sidebar","site-content-layout":"page-builder","ast-site-content-layout":"default","site-content-style":"default","site-sidebar-style":"default","ast-global-header-display":"","ast-banner-title-visibility":"","ast-main-header-display":"","ast-hfb-above-header-display":"","ast-hfb-below-header-display":"","ast-hfb-mobile-header-display":"","site-post-title":"disabled","ast-breadcrumbs-content":"","ast-featured-img":"disabled","footer-sml-layout":"","ast-disable-related-posts":"","theme-transparent-header-meta":"","adv-header-id-meta":"","stick-header-meta":"","header-above-stick-meta":"","header-main-stick-meta":"","header-below-stick-meta":"","astra-migrate-meta-layouts":"default","ast-page-background-enabled":"default","ast-page-background-meta":{"desktop":{"background-color":"var(--ast-global-color-4)","background-image":"","background-repeat":"repeat","background-position":"center center","background-size":"auto","background-attachment":"scroll","background-type":"","background-media":"","overlay-type":"","overlay-color":"","overlay-opacity":"","overlay-gradient":""},"tablet":{"background-color":"","background-image":"","background-repeat":"repeat","background-position":"center center","background-size":"auto","background-attachment":"scroll","background-type":"","background-media":"","overlay-type":"","overlay-color":"","overlay-opacity":"","overlay-gradient":""},"mobile":{"background-color":"","background-image":"","background-repeat":"repeat","background-position":"center center","background-size":"auto","background-attachment":"scroll","background-type":"","background-media":"","overlay-type":"","overlay-color":"","overlay-opacity":"","overlay-gradient":""}},"ast-content-background-meta":{"desktop":{"background-color":"var(--ast-global-color-5)","background-image":"","background-repeat":"repeat","background-position":"center center","background-size":"auto","background-attachment":"scroll","background-type":"","background-media":"","overlay-type":"","overlay-color":"","overlay-opacity":"","overlay-gradient":""},"tablet":{"background-color":"var(--ast-global-color-5)","background-image":"","background-repeat":"repeat","background-position":"center center","background-size":"auto","background-attachment":"scroll","background-type":"","background-media":"","overlay-type":"","overlay-color":"","overlay-opacity":"","overlay-gradient":""},"mobile":{"background-color":"var(--ast-global-color-5)","background-image":"","background-repeat":"repeat","background-position":"center center","background-size":"auto","background-attachment":"scroll","background-type":"","background-media":"","overlay-type":"","overlay-color":"","overlay-opacity":"","overlay-gradient":""}},"footnotes":""},"class_list":["post-435","page","type-page","status-publish","hentry"],"_links":{"self":[{"href":"https:\/\/www.solarbuergergenossenschaft.de\/index.php\/wp-json\/wp\/v2\/pages\/435","targetHints":{"allow":["GET"]}}],"collection":[{"href":"https:\/\/www.solarbuergergenossenschaft.de\/index.php\/wp-json\/wp\/v2\/pages"}],"about":[{"href":"https:\/\/www.solarbuergergenossenschaft.de\/index.php\/wp-json\/wp\/v2\/types\/page"}],"author":[{"embeddable":true,"href":"https:\/\/www.solarbuergergenossenschaft.de\/index.php\/wp-json\/wp\/v2\/users\/1"}],"replies":[{"embeddable":true,"href":"https:\/\/www.solarbuergergenossenschaft.de\/index.php\/wp-json\/wp\/v2\/comments?post=435"}],"version-history":[{"count":29,"href":"https:\/\/www.solarbuergergenossenschaft.de\/index.php\/wp-json\/wp\/v2\/pages\/435\/revisions"}],"predecessor-version":[{"id":897,"href":"https:\/\/www.solarbuergergenossenschaft.de\/index.php\/wp-json\/wp\/v2\/pages\/435\/revisions\/897"}],"wp:attachment":[{"href":"https:\/\/www.solarbuergergenossenschaft.de\/index.php\/wp-json\/wp\/v2\/media?parent=435"}],"curies":[{"name":"wp","href":"https:\/\/api.w.org\/{rel}","templated":true}]}}