{"id":453,"date":"2022-09-16T17:23:00","date_gmt":"2022-09-16T15:23:00","guid":{"rendered":"https:\/\/solarbuergergenossenschaft2.benjaminkuerten.de\/?page_id=453"},"modified":"2026-03-31T13:09:24","modified_gmt":"2026-03-31T11:09:24","slug":"beteiligen-und-mitgestalten","status":"publish","type":"page","link":"https:\/\/www.solarbuergergenossenschaft.de\/index.php\/beteiligen-und-mitgestalten\/","title":{"rendered":"Beteiligen und mitgestalten"},"content":{"rendered":"\t\t<div data-elementor-type=\"wp-page\" data-elementor-id=\"453\" class=\"elementor elementor-453\">\n\t\t\t\t\t\t<section class=\"elementor-section elementor-top-section elementor-element elementor-element-202ce6d9 elementor-section-boxed elementor-section-height-default elementor-section-height-default\" data-id=\"202ce6d9\" data-element_type=\"section\" data-e-type=\"section\" data-settings=\"{&quot;background_background&quot;:&quot;classic&quot;}\">\n\t\t\t\t\t\t\t<div class=\"elementor-background-overlay\"><\/div>\n\t\t\t\t\t\t\t<div class=\"elementor-container elementor-column-gap-default\">\n\t\t\t\t\t<div class=\"elementor-column elementor-col-100 elementor-top-column elementor-element elementor-element-46453658\" data-id=\"46453658\" data-element_type=\"column\" data-e-type=\"column\">\n\t\t\t<div class=\"elementor-widget-wrap elementor-element-populated\">\n\t\t\t\t\t\t<div class=\"elementor-element elementor-element-7ffe78f5 elementor-widget elementor-widget-heading\" data-id=\"7ffe78f5\" data-element_type=\"widget\" data-e-type=\"widget\" data-widget_type=\"heading.default\">\n\t\t\t\t<div class=\"elementor-widget-container\">\n\t\t\t\t\t<h2 class=\"elementor-heading-title elementor-size-default\">Beteiligen\n<\/h2>\t\t\t\t<\/div>\n\t\t\t\t<\/div>\n\t\t\t\t\t<\/div>\n\t\t<\/div>\n\t\t\t\t\t<\/div>\n\t\t<\/section>\n\t\t\t\t<section class=\"elementor-section elementor-top-section elementor-element elementor-element-4985969 elementor-section-boxed elementor-section-height-default elementor-section-height-default\" data-id=\"4985969\" data-element_type=\"section\" data-e-type=\"section\">\n\t\t\t\t\t\t<div class=\"elementor-container elementor-column-gap-default\">\n\t\t\t\t\t<div class=\"elementor-column elementor-col-100 elementor-top-column elementor-element elementor-element-a555fe2\" data-id=\"a555fe2\" data-element_type=\"column\" data-e-type=\"column\">\n\t\t\t<div class=\"elementor-widget-wrap elementor-element-populated\">\n\t\t\t\t\t\t<div class=\"elementor-element elementor-element-a065241 elementor-widget elementor-widget-heading\" data-id=\"a065241\" data-element_type=\"widget\" data-e-type=\"widget\" data-widget_type=\"heading.default\">\n\t\t\t\t<div class=\"elementor-widget-container\">\n\t\t\t\t\t<h2 class=\"elementor-heading-title elementor-size-default\">Willkommen bei der Solar-B\u00fcrger-Genossenschaft! <\/h2>\t\t\t\t<\/div>\n\t\t\t\t<\/div>\n\t\t\t\t<div class=\"elementor-element elementor-element-7af313d elementor-widget elementor-widget-heading\" data-id=\"7af313d\" data-element_type=\"widget\" data-e-type=\"widget\" data-widget_type=\"heading.default\">\n\t\t\t\t<div class=\"elementor-widget-container\">\n\t\t\t\t\t<h4 class=\"elementor-heading-title elementor-size-default\">Beteiligen<\/h4>\t\t\t\t<\/div>\n\t\t\t\t<\/div>\n\t\t\t\t<div class=\"elementor-element elementor-element-105cd7b elementor-widget elementor-widget-text-editor\" data-id=\"105cd7b\" data-element_type=\"widget\" data-e-type=\"widget\" data-widget_type=\"text-editor.default\">\n\t\t\t\t<div class=\"elementor-widget-container\">\n\t\t\t\t\t\t\t\t\t<p>Als Genossenschaft bieten wir unseren Mitgliedern alle M\u00f6glichkeiten der Beteiligung, indem sie mitbestimmen, mithandeln und Projekte finanziell mittragen k\u00f6nnen:<\/p>\t\t\t\t\t\t\t\t<\/div>\n\t\t\t\t<\/div>\n\t\t\t\t<div class=\"elementor-element elementor-element-958b5ca elementor-widget elementor-widget-accordion\" data-id=\"958b5ca\" data-element_type=\"widget\" data-e-type=\"widget\" data-widget_type=\"accordion.default\">\n\t\t\t\t<div class=\"elementor-widget-container\">\n\t\t\t\t\t\t\t<div class=\"elementor-accordion\">\n\t\t\t\t\t\t\t<div class=\"elementor-accordion-item\">\n\t\t\t\t\t<div id=\"elementor-tab-title-1561\" class=\"elementor-tab-title\" data-tab=\"1\" role=\"button\" aria-controls=\"elementor-tab-content-1561\" aria-expanded=\"false\">\n\t\t\t\t\t\t\t\t\t\t\t\t\t<span class=\"elementor-accordion-icon elementor-accordion-icon-left\" aria-hidden=\"true\">\n\t\t\t\t\t\t\t\t\t\t\t\t\t\t\t<span class=\"elementor-accordion-icon-closed\"><i class=\"fas fa-plus\"><\/i><\/span>\n\t\t\t\t\t\t\t\t<span class=\"elementor-accordion-icon-opened\"><i class=\"fas fa-minus\"><\/i><\/span>\n\t\t\t\t\t\t\t\t\t\t\t\t\t\t<\/span>\n\t\t\t\t\t\t\t\t\t\t\t\t<a class=\"elementor-accordion-title\" tabindex=\"0\">B\u00fcrger\u00d6kostrom beziehen<\/a>\n\t\t\t\t\t<\/div>\n\t\t\t\t\t<div id=\"elementor-tab-content-1561\" class=\"elementor-tab-content elementor-clearfix\" data-tab=\"1\" role=\"region\" aria-labelledby=\"elementor-tab-title-1561\"><p>Durch unsere Kooperation mit den\u00a0<a class=\"hasTooltip\" title=\"\" href=\"https:\/\/buergerwerke.de\/\" target=\"_blank\" rel=\"noopener noreferrer\" data-original-title=\"Internetseite buergerwerke.de \u00f6ffnen (externer Link)\">B\u00fcrgerwerken<\/a>\u00a0k\u00f6nnen Sie 100%igen \u00d6ko-Strom \u00fcber uns beziehen. Mit dem Strombezug bei der Solar-B\u00fcrger-Genossenschaft f\u00f6rdern Sie die dezentrale, b\u00fcrgergetragene Energiewende!<\/p><p>Der Strom ist eine Mischung aus Strom aus Erneuerbaren Energien in Deutschland und demn\u00e4chst auch aus dem Strom aus den Solaranlagen der Solar-B\u00fcrger-Genossenschaft.<\/p><p>Mit dem Strombezug unterst\u00fctzen Sie weitere Projekte der Solar-B\u00fcrger-Genossenschaft, insbesondere regionale Solarstromanlagen. Erwirtschaftet die Genossenschaft \u00dcbersch\u00fcsse, kommen diese ausschlie\u00dflich ihren Mitgliedern zugute.<\/p><p><a title=\"Freiburger B\u00fcrgerstrom\" href=\"https:\/\/www.solarbuergergenossenschaft.de\/index.php\/100-oeko-strom-beziehen\/\">Mehr \u00fcber den B\u00fcrger\u00d6kostrom &#8230;<\/a><\/p><p>Gleich umsteigen:\u00a0<a class=\"hasTooltip\" title=\"\" href=\"https:\/\/gemeinschaft.buergerwerke.de\/buergeroekostrom?origin=M003\" data-parent=\"\" data-title=\"Tarifrechner\" data-toggle=\"lightbox\" data-gallery=\"solarlogs\" data-width=\"1000\" data-original-title=\"B\u00fcrgerstrom-Tarif berechnen und wechseln \/ anmelden (externer Link)\">Tarifrechner<\/a><\/p><\/div>\n\t\t\t\t<\/div>\n\t\t\t\t\t\t\t<div class=\"elementor-accordion-item\">\n\t\t\t\t\t<div id=\"elementor-tab-title-1562\" class=\"elementor-tab-title\" data-tab=\"2\" role=\"button\" aria-controls=\"elementor-tab-content-1562\" aria-expanded=\"false\">\n\t\t\t\t\t\t\t\t\t\t\t\t\t<span class=\"elementor-accordion-icon elementor-accordion-icon-left\" aria-hidden=\"true\">\n\t\t\t\t\t\t\t\t\t\t\t\t\t\t\t<span class=\"elementor-accordion-icon-closed\"><i class=\"fas fa-plus\"><\/i><\/span>\n\t\t\t\t\t\t\t\t<span class=\"elementor-accordion-icon-opened\"><i class=\"fas fa-minus\"><\/i><\/span>\n\t\t\t\t\t\t\t\t\t\t\t\t\t\t<\/span>\n\t\t\t\t\t\t\t\t\t\t\t\t<a class=\"elementor-accordion-title\" tabindex=\"0\">Ein Solardach-Projekt starten<\/a>\n\t\t\t\t\t<\/div>\n\t\t\t\t\t<div id=\"elementor-tab-content-1562\" class=\"elementor-tab-content elementor-clearfix\" data-tab=\"2\" role=\"region\" aria-labelledby=\"elementor-tab-title-1562\"><div>Auf Ihrem Dach ist noch keine Solaranlage?<\/div><div>Informieren Sie sich hier: <a href=\"https:\/\/www.solarbuergergenossenschaft.de\/index.php\/ihre-energiewende\/\" target=\"_blank\" rel=\"noopener\">Strom vom Dach<\/a><\/div><\/div>\n\t\t\t\t<\/div>\n\t\t\t\t\t\t\t<div class=\"elementor-accordion-item\">\n\t\t\t\t\t<div id=\"elementor-tab-title-1563\" class=\"elementor-tab-title\" data-tab=\"3\" role=\"button\" aria-controls=\"elementor-tab-content-1563\" aria-expanded=\"false\">\n\t\t\t\t\t\t\t\t\t\t\t\t\t<span class=\"elementor-accordion-icon elementor-accordion-icon-left\" aria-hidden=\"true\">\n\t\t\t\t\t\t\t\t\t\t\t\t\t\t\t<span class=\"elementor-accordion-icon-closed\"><i class=\"fas fa-plus\"><\/i><\/span>\n\t\t\t\t\t\t\t\t<span class=\"elementor-accordion-icon-opened\"><i class=\"fas fa-minus\"><\/i><\/span>\n\t\t\t\t\t\t\t\t\t\t\t\t\t\t<\/span>\n\t\t\t\t\t\t\t\t\t\t\t\t<a class=\"elementor-accordion-title\" tabindex=\"0\">Aktiv werden in der Solargeno<\/a>\n\t\t\t\t\t<\/div>\n\t\t\t\t\t<div id=\"elementor-tab-content-1563\" class=\"elementor-tab-content elementor-clearfix\" data-tab=\"3\" role=\"region\" aria-labelledby=\"elementor-tab-title-1563\"><p>Neben der Teilnahme an Versammlungen und der M\u00f6glichkeit sich f\u00fcr den Vorstand oder Aufsichtsrat zur Verf\u00fcgung zu stellen, gibt es weitere Formen des Engagements:<\/p><ul><li>regelm\u00e4\u00dfiges Treffen in Arbeitsgruppen\/-kreisen, um Konzepte und Pl\u00e4ne f\u00fcr die Erreichung der gemeinsamen Ziele zu entwickeln und evtl. sich daraus ergebende weitere Aufgaben<\/li><li>&#8222;Reserve&#8220;, d.h. Sie werden angefragt, wenn eine Aufgabe zu erledigen ist und daf\u00fcr eine oder mehrere Personen mit zeitlichem Spielraum oder einer bestimmten Kompetenz oder bestimmten Kontakten gesucht wird<\/li><\/ul><p>Gleich, welche Form der Unterst\u00fctzung Sie w\u00e4hlen, wird es zus\u00e4tzlich auch Aktiventreffen geben, in denen dann alle Aktiven \u00fcber die Entwicklungen informiert werden und sich austauschen k\u00f6nnen.<\/p><p>Die Termine aller Arbeitsgruppen\/-kreise und Aktiventreffen werden auf der Website \u00f6ffentlich gemacht.<\/p><p>Da nicht alle jedesmal dabei sein k\u00f6nnen, werden wir die Ergebnisse und die sich ergebenden Aufgaben notieren und im Internet in einem f\u00fcr die Aktiven vorgesehenen Bereich hinterlegen.<\/p><p>Wir werden auch die Fragestellungen vorher sammeln, insbesondere, wenn die Bearbeitung vorbereitet werden muss.<\/p><p>Grunds\u00e4tzlich sollen aktuell Anstrengungen in 3 Feldern unternommen werden, das sind<\/p><ul><li>weitere Solaranlagen<\/li><li>weitere Blockheizkraftwerke<\/li><li>Energiespar- und Effizienzma\u00dfnahmen<\/li><\/ul><p>F\u00fcr jeden Bereich sind unterschiedliche Aufgaben zu bew\u00e4ltigen:<\/p><ul><li>Projektakquise: Aufmerksamkeit f\u00fcr geeignete Geb\u00e4ude und Ermittlung der relevanten Ansprechpartner und Promotorinnen<\/li><li>Mitgliedergewinnung, allgemein zur Unterst\u00fctzung der Aufbauarbeit oder konkret in Verbindung mit einem Projekt<\/li><li>Recherche, Planung, Kalkulationen: dies gilt vor allem f\u00fcr die W\u00e4rmeeffizienz. Es m\u00fcssen Konzepte und Pl\u00e4ne entwickelt werden, mit denen f\u00fcr alle Parteien faire und wirtschaftliche Ergebnisse erzielt werden k\u00f6nnen.<\/li><li>Die Suche, Gewinnung und Vermittlung von Spezialistinnen, f\u00fcr die Fragen, die wir nicht selbst beantworten k\u00f6nnen und f\u00fcr Kooperationen.<\/li><li>F\u00fcr folgende Bereiche sind Ideengeber, Vermittlerinnen, Insider gefragt.<ul><li>Technik<\/li><li>Wirtschaftlichkeit<\/li><li>Politik<\/li><li>Marketing<\/li><\/ul><\/li><\/ul><p>Mit dem Wichtigsten k\u00f6nnen Sie sofort beginnen: sprechen Sie in ihrem privaten und beruflichen Umfeld \u00fcber Energie und die M\u00f6glichkeit, mit der Genossenschaft L\u00f6sungen zu finden.<\/p><p>Beispielsweise k\u00f6nnen so auf Kindertagesst\u00e4tten, Kirchend\u00e4chern oder Sportcentern Solaranlagen angedacht werden. Auch k\u00f6nnen auf diese Weise weitere Mitstreiterinnen gefunden werden.<br \/>Und nicht zuletzt werden im Gespr\u00e4ch Fragen aufgeworfen, die es zu kl\u00e4ren gilt und die die Selbstdarstellung der Genossenschaft verbessen helfen.<\/p><p>Bitte f\u00fchlen Sie sich auch angesprochen, wenn Sie hier nicht sofort Ihre M\u00f6glichkeit der Mitarbeit erkennen.<br \/>Und lassen Sie sich bitte nicht abschrecken vom Umfang der hier aufgez\u00e4hlten Aufgaben.<br \/>Jeder und jede Einzelne tr\u00e4gt bei, was er oder sie will und kann.<\/p><p>Die Bundesregierung plant mit den Konzernen die gro\u00dfen L\u00f6sungen. Je schneller wir an der Basis vorankommen, desto mehr profitieren wir selbst und desto weniger verschwenderische und \u00fcberdimensionierte Projekte k\u00f6nnen entstehen.<\/p><\/div>\n\t\t\t\t<\/div>\n\t\t\t\t\t\t\t<div class=\"elementor-accordion-item\">\n\t\t\t\t\t<div id=\"elementor-tab-title-1564\" class=\"elementor-tab-title\" data-tab=\"4\" role=\"button\" aria-controls=\"elementor-tab-content-1564\" aria-expanded=\"false\">\n\t\t\t\t\t\t\t\t\t\t\t\t\t<span class=\"elementor-accordion-icon elementor-accordion-icon-left\" aria-hidden=\"true\">\n\t\t\t\t\t\t\t\t\t\t\t\t\t\t\t<span class=\"elementor-accordion-icon-closed\"><i class=\"fas fa-plus\"><\/i><\/span>\n\t\t\t\t\t\t\t\t<span class=\"elementor-accordion-icon-opened\"><i class=\"fas fa-minus\"><\/i><\/span>\n\t\t\t\t\t\t\t\t\t\t\t\t\t\t<\/span>\n\t\t\t\t\t\t\t\t\t\t\t\t<a class=\"elementor-accordion-title\" tabindex=\"0\">Mitgliedschaft und Genossenschaftsanteil erwerben<\/a>\n\t\t\t\t\t<\/div>\n\t\t\t\t\t<div id=\"elementor-tab-content-1564\" class=\"elementor-tab-content elementor-clearfix\" data-tab=\"4\" role=\"region\" aria-labelledby=\"elementor-tab-title-1564\"><p>Die Mitgliedschaft ist ab einem Genossenschaftsanteil von 100 Euro m\u00f6glich. Als Einstieg empfehlen wir, 5 Genossenschaftsanteile zu erwerben.<\/p><p>Mit Genossenschaftsanteilen beteiligen Sie sich an allen Unternehmungen der Genossenschaft.<\/p><p>Der Beitritt zur Genossenschaft und der Erwerb zus\u00e4tzlicher Genossenschaftsanteile ist jederzeit unabh\u00e4ngig von Projekten m\u00f6glich. Das erm\u00f6glicht uns, neue Projekte vorzubereiten und etwaige Vorlaufkosten von geplanten Projekten zeitnah zu finanzieren.<\/p><p>Die K\u00fcndigungsfrist f\u00fcr die Genossenschaftsanteile beginnt mit 5 Jahren und sinkt pro Jahr Ihrer Mitgliedschaft um ein Jahr bis zu einer Mindestk\u00fcndigungsfrist von 2 Jahren.<\/p><p>Eine Rendite auf die Genossenschaftsanteile kann nicht garantiert werden. Sie h\u00e4ngt von den Ertr\u00e4gen aus allen T\u00e4tigkeiten der Genossenschaft ab und von den Beschl\u00fcssen der Mitglieder \u00fcber die Verwendung von Gewinnen und Verlusten. Durch Projekte wie unsere Solaranlagen in B\u00fcrstadt, Darmstadt, Landau, Fischingen und Freiburg ist eine solide Umsatzentwicklung zu erwarten. 2018 beschloss die Generalversammlung zum zweiten Mal, vom Gewinn 3% auf die Genossenschaftsanteile auszusch\u00fctten.<\/p><p>Genossenschaftsanteile sind Risikokapital. Es gibt aber keine Nachschusspflicht bei der Solar-B\u00fcrger-Genossenschaft. D.h. Ihr Risiko beschr\u00e4nkt sich auf die von Ihnen eingelegten Genossenschaftsanteile.<\/p><p>Informationen und Dokumente zu Mitgliedschaft und Beteiligung:<\/p><ul><li><a class=\"hasTooltip\" title=\"\" href=\"https:\/\/www.solarbuergergenossenschaft.de\/wp-content\/uploads\/2025\/09\/satzung_sbg_20250716.pdf\" data-original-title=\"Die Satzung der Solar-B\u00fcrger-Genossenschaft (PDF)\">Satzung (PDF)<\/a><\/li><li><a class=\"hasTooltip\" title=\"\" href=\"https:\/\/www.solarbuergergenossenschaft.de\/wp-content\/uploads\/2025\/10\/Geschaeftsordnung_SBG_20250716.pdf\" data-original-title=\"Die AGB der Solar-B\u00fcrger-Genossenschaft (PDF)\">Gesch\u00e4ftsordnung (PDF)<\/a><\/li><li><a class=\"hasTooltip\" title=\"\" href=\"https:\/\/www.solarbuergergenossenschaft.de\/wp-content\/uploads\/2022\/09\/solargeno-beitrittserklaerung.pdf\" data-original-title=\"Die Beitrittserkl\u00e4rung der Solar-B\u00fcrger-Genossenschaft (PDF)\">Beitrittserkl\u00e4rung (PDF)<\/a><\/li><li><a class=\"hasTooltip\" title=\"\" href=\"https:\/\/www.solarbuergergenossenschaft.de\/wp-content\/uploads\/2026\/03\/Anteilserhoehungsformular_20260325.pdf\" data-original-title=\"Erwerb weiterer Gesch\u00e4ftsanteile (PDF)\">Genossenschaftsanteil erh\u00f6hen (PDF)<\/a><\/li><li><a class=\"hasTooltip\" title=\"\" href=\"https:\/\/www.solarbuergergenossenschaft.de\/wp-content\/uploads\/2024\/11\/solargeno-freistellungsauftrag-fuer-kapitalertraege.pdf\" data-original-title=\"PDF \u00f6ffnen\">Freistellungsauftrag (PDF)<\/a><\/li><li><a class=\"hasTooltip\" title=\"\" href=\"http:\/\/www.formulare-bfinv.de\/ffw\/action\/invoke.do?id=010156\" target=\"_blank\" rel=\"noopener noreferrer\" data-original-title=\"Internetseite formulare-bfinv.de \u00f6ffnen (externer Link)\">Link zum Sperrvermerk f\u00fcr die Kirchensteuerrecherche<\/a><\/li><\/ul><div><strong>Neu:<\/strong>\u00a0<\/div><div>Seit dem 1. Januar 2025 reicht die Textform, um einer Genossenschaft beizutreten. Eine gro\u00dfe Erleichterung und ein weiterer Schritt in Richtung Digitalisierung von Genossenschaften!<\/div><div><p>Der unkomplizierte digitale Beitritt ist bei der Solar-B\u00fcrger-Genossenschaft eG bereits m\u00f6glich:<\/p><p><a href=\"https:\/\/geno-beitritt.de\/?bwid=M003\">Zum digitalen Beitritt<\/a><\/p><p>Das Tool \u201egeno-beitritt\u201c wurde von der B\u00fcrgerwerke eG entwickelt und der Solar-B\u00fcrger-Genossenschaft eG zur Verf\u00fcgung gestellt.<\/p><\/div><div><b>Wichtiger Hinweis:<\/b><br \/>Genossenschaftsanteile sind Risikokapital. Zwar sind keine Nachforderungen damit verbunden, aber besteht ein Verlust in dem Jahr, in dem Sie sich ihre Anteile auszahlen lassen m\u00f6chten oder ger\u00e4t die Genossenschaft in Insolvenz, kann der Anteil ganz oder teilweise an Wert verlieren.<\/div><\/div>\n\t\t\t\t<\/div>\n\t\t\t\t\t\t\t<div class=\"elementor-accordion-item\">\n\t\t\t\t\t<div id=\"elementor-tab-title-1565\" class=\"elementor-tab-title\" data-tab=\"5\" role=\"button\" aria-controls=\"elementor-tab-content-1565\" aria-expanded=\"false\">\n\t\t\t\t\t\t\t\t\t\t\t\t\t<span class=\"elementor-accordion-icon elementor-accordion-icon-left\" aria-hidden=\"true\">\n\t\t\t\t\t\t\t\t\t\t\t\t\t\t\t<span class=\"elementor-accordion-icon-closed\"><i class=\"fas fa-plus\"><\/i><\/span>\n\t\t\t\t\t\t\t\t<span class=\"elementor-accordion-icon-opened\"><i class=\"fas fa-minus\"><\/i><\/span>\n\t\t\t\t\t\t\t\t\t\t\t\t\t\t<\/span>\n\t\t\t\t\t\t\t\t\t\t\t\t<a class=\"elementor-accordion-title\" tabindex=\"0\">Als Mitglied mitbestimmen<\/a>\n\t\t\t\t\t<\/div>\n\t\t\t\t\t<div id=\"elementor-tab-content-1565\" class=\"elementor-tab-content elementor-clearfix\" data-tab=\"5\" role=\"region\" aria-labelledby=\"elementor-tab-title-1565\"><p>Beteiligen Sie sich aktiv, indem Sie bei Versammlungen von Ihrem Stimmrecht Gebrauch machen, oder sich daf\u00fcr einsetzen, dass in Ihrer Region eine Regionalgruppe der solargeno entsteht, die dann ihrerseits regionale Projekte unter dem Dach der solargeno durchf\u00fchrt.<\/p><p>Sie k\u00f6nnen sich als Mitglied auch f\u00fcr ein Amt in Aufsichtsrat oder Vorstand zur Verf\u00fcgung stellen. Der Aufsichtsrat wird von den Mitgliedern gew\u00e4hlt, der Vorstand vom Aufsichtsrat bestellt. Alle Mitglieder des Aufsichtsrates und Vorstandes kommen aus den Reihen der Mitglieder.<\/p><p>In der Jahresversammlung k\u00f6nnen Sie als Mitglied zum Beispiel selbst dar\u00fcber mitbestimmen, in welche Richtung sich die Genossenschaft entwickelt und wie der Gewinn zu verwenden ist.<\/p><p>Mitarbeit in Beir\u00e4ten und Arbeitsgruppen ist ebenso erw\u00fcnscht wie ehrenamtliche Unterst\u00fctzung bei Marketingaktivit\u00e4ten wie der Pflege der Internetseite oder gelegentlichen Pressemitteilungen o\u00e4.<\/p><p>Bisher gibt es eine Arbeitsgruppe, die sich mit der Entwicklung von BHKW-Projekten befasst. Vorstellbar w\u00e4re auch eine Strategie-Arbeitsgruppe.<\/p><p>Aktuell suchen wir kompetente Unterst\u00fctzung in der Gesch\u00e4ftsf\u00fchrung. Es wird eine erfahrene Person gesucht, die f\u00fcr zun\u00e4chst monatlich 500 Euro brutto bzw. eine entsprechende Aufwandsentsch\u00e4digung mit Aussicht auf mittelfristig angemessene Verg\u00fctung die Verwaltung von Rechnungswesen und Personal \u00fcbernimmt und bereit ist, verantwortlich in der Gesch\u00e4ftsf\u00fchrung der Genossenschaft mitzuarbeiten. Eine regelm\u00e4\u00dfige Anwesenheit in der Gesch\u00e4ftsstelle in der Gerberau in Freiburg ist gew\u00fcnscht.<\/p><\/div>\n\t\t\t\t<\/div>\n\t\t\t\t\t\t\t<div class=\"elementor-accordion-item\">\n\t\t\t\t\t<div id=\"elementor-tab-title-1566\" class=\"elementor-tab-title\" data-tab=\"6\" role=\"button\" aria-controls=\"elementor-tab-content-1566\" aria-expanded=\"false\">\n\t\t\t\t\t\t\t\t\t\t\t\t\t<span class=\"elementor-accordion-icon elementor-accordion-icon-left\" aria-hidden=\"true\">\n\t\t\t\t\t\t\t\t\t\t\t\t\t\t\t<span class=\"elementor-accordion-icon-closed\"><i class=\"fas fa-plus\"><\/i><\/span>\n\t\t\t\t\t\t\t\t<span class=\"elementor-accordion-icon-opened\"><i class=\"fas fa-minus\"><\/i><\/span>\n\t\t\t\t\t\t\t\t\t\t\t\t\t\t<\/span>\n\t\t\t\t\t\t\t\t\t\t\t\t<a class=\"elementor-accordion-title\" tabindex=\"0\">Projekte direkt mitfinanzieren<\/a>\n\t\t\t\t\t<\/div>\n\t\t\t\t\t<div id=\"elementor-tab-content-1566\" class=\"elementor-tab-content elementor-clearfix\" data-tab=\"6\" role=\"region\" aria-labelledby=\"elementor-tab-title-1566\"><p>Diese M\u00f6glichkeit, sich an konkreten Projekten mit Nachrangdarlehen zu beteiligen besteht immer dann, wenn ein Projekt schon so weit fortgeschritten ist, dass eine Realisierung sehr wahrscheinlich ist. Die Vertr\u00e4ge werden so gestaltet, dass sie nur in Kraft treten, wenn das Projekt tats\u00e4chlich in einem vorgegebenen Zeitraum realisiert wird.<\/p><p>F\u00fcr welche Anlagen aktuell Mitgliederdarlehen angeboten werden, teilen wir immer allen unseren Mitgliedern in einem Rundschreiben mit.<\/p><p>Die Darlehensvertr\u00e4ge sind je nach Projekt geringf\u00fcgig unterschiedlich.<\/p><p>Auf den vereinbarten Zins und die Laufzeit des Darlehens wirkt sich ausschlie\u00dflich die Prognose f\u00fcr die jeweilige Anlage aus, f\u00fcr die der Vertrag abgeschlossen wurde. Die Konditionen sind unabh\u00e4ngig von den anderen Projekten und Ergebnissen der Genossenschaft.<\/p><p>Man kann den Vertrag im Einvernehmen k\u00fcndigen, oder wenn man einen Nachfolger f\u00fcr den Vertrag hat oder wir Ihnen einen Interessenten daf\u00fcr nennen k\u00f6nnen.<\/p><p><b>Wichtiger Hinweis:<\/b><\/p><p>Nachrangdarlehen sind Risikokapital. Ihr Verlust ist jedoch nicht vom jeweiligen Projekt abh\u00e4ngig. Im Falle einer Insolvenz oder Zahlungsunf\u00e4higkeit der Genossenschaft k\u00f6nnen unter Umst\u00e4nden die Darlehen nicht oder nicht vollst\u00e4ndig zur\u00fcckgezahlt werden.<\/p><\/div>\n\t\t\t\t<\/div>\n\t\t\t\t\t\t\t<div class=\"elementor-accordion-item\">\n\t\t\t\t\t<div id=\"elementor-tab-title-1567\" class=\"elementor-tab-title\" data-tab=\"7\" role=\"button\" aria-controls=\"elementor-tab-content-1567\" aria-expanded=\"false\">\n\t\t\t\t\t\t\t\t\t\t\t\t\t<span class=\"elementor-accordion-icon elementor-accordion-icon-left\" aria-hidden=\"true\">\n\t\t\t\t\t\t\t\t\t\t\t\t\t\t\t<span class=\"elementor-accordion-icon-closed\"><i class=\"fas fa-plus\"><\/i><\/span>\n\t\t\t\t\t\t\t\t<span class=\"elementor-accordion-icon-opened\"><i class=\"fas fa-minus\"><\/i><\/span>\n\t\t\t\t\t\t\t\t\t\t\t\t\t\t<\/span>\n\t\t\t\t\t\t\t\t\t\t\t\t<a class=\"elementor-accordion-title\" tabindex=\"0\">Sonne auf dem Balkon<\/a>\n\t\t\t\t\t<\/div>\n\t\t\t\t\t<div id=\"elementor-tab-content-1567\" class=\"elementor-tab-content elementor-clearfix\" data-tab=\"7\" role=\"region\" aria-labelledby=\"elementor-tab-title-1567\"><p>Balkonmodule oder auch PlugIn-Module sind in aller Munde: warum nicht den Balkon doppelt nutzen &#8211; f\u00fcrs Sonnenbad und f\u00fcr das eigene Kraftwerk.<\/p><p>Um dies auch bei unseren interessierten Mitgliedern unterst\u00fctzen zu k\u00f6nnen, halten wir uns dazu auf dem Laufenden.<\/p><p>Vorerst m\u00f6chten wir auf das tolle Angebot von unserem Mitglied Sebastian M\u00fcller verweisen:<\/p><p><a title=\"Alles rund um Balkon-Solaranlagen\" href=\"https:\/\/balkon.solar\/\" target=\"_blank\" rel=\"noopener\">https:\/\/balkon.solar\/<\/a><\/p><p><a title=\"BalkonSolar bei Twitter\" href=\"https:\/\/twitter.com\/BalkonSolar\" target=\"_blank\" rel=\"noopener\">https:\/\/twitter.com\/BalkonSolar<\/a><\/p><p><a title=\"BalkonSolar auf Facebook\" href=\"https:\/\/www.facebook.com\/balkonsolar\/\" target=\"_blank\" rel=\"noopener\">https:\/\/www.facebook.com\/balkonsolar\/<\/a><\/p><p><a title=\"BalkonSolar bei Instagram\" href=\"https:\/\/www.instagram.com\/balkon.solar\/\" target=\"_blank\" rel=\"noopener\">https:\/\/www.instagram.com\/balkon.solar\/<\/a><\/p><p>Wer an einer Gruppe von Aktiven, teilnehmen m\u00f6chte, die teilweise schon eine Anlage haben oder sich gerne eine anschaffen m\u00f6chten, kann sich gerne melden, wir nehmen Euch dann in den Verteiler dazu auf:<\/p><p><a title=\"Kontakt\" href=\"https:\/\/www.solarbuergergenossenschaft.de\/ansprechpartner\/kaj-mertens-stickel.html?layout=ndk_bs3_j3x:ndk-default\">Kontakt<\/a><\/p><\/div>\n\t\t\t\t<\/div>\n\t\t\t\t\t\t\t\t<\/div>\n\t\t\t\t\t\t<\/div>\n\t\t\t\t<\/div>\n\t\t\t\t\t<\/div>\n\t\t<\/div>\n\t\t\t\t\t<\/div>\n\t\t<\/section>\n\t\t\t\t<\/div>\n\t\t","protected":false},"excerpt":{"rendered":"<p>Beteiligen Willkommen bei der Solar-B\u00fcrger-Genossenschaft! Beteiligen Als Genossenschaft bieten wir unseren Mitgliedern alle M\u00f6glichkeiten der Beteiligung, indem sie mitbestimmen, mithandeln und Projekte finanziell mittragen k\u00f6nnen: B\u00fcrger\u00d6kostrom beziehen Durch unsere Kooperation [&hellip;]<\/p>\n","protected":false},"author":1,"featured_media":0,"parent":0,"menu_order":0,"comment_status":"closed","ping_status":"closed","template":"","meta":{"site-sidebar-layout":"no-sidebar","site-content-layout":"page-builder","ast-site-content-layout":"default","site-content-style":"default","site-sidebar-style":"default","ast-global-header-display":"","ast-banner-title-visibility":"","ast-main-header-display":"","ast-hfb-above-header-display":"","ast-hfb-below-header-display":"","ast-hfb-mobile-header-display":"","site-post-title":"disabled","ast-breadcrumbs-content":"","ast-featured-img":"disabled","footer-sml-layout":"","ast-disable-related-posts":"","theme-transparent-header-meta":"","adv-header-id-meta":"","stick-header-meta":"","header-above-stick-meta":"","header-main-stick-meta":"","header-below-stick-meta":"","astra-migrate-meta-layouts":"default","ast-page-background-enabled":"default","ast-page-background-meta":{"desktop":{"background-color":"var(--ast-global-color-4)","background-image":"","background-repeat":"repeat","background-position":"center center","background-size":"auto","background-attachment":"scroll","background-type":"","background-media":"","overlay-type":"","overlay-color":"","overlay-opacity":"","overlay-gradient":""},"tablet":{"background-color":"","background-image":"","background-repeat":"repeat","background-position":"center center","background-size":"auto","background-attachment":"scroll","background-type":"","background-media":"","overlay-type":"","overlay-color":"","overlay-opacity":"","overlay-gradient":""},"mobile":{"background-color":"","background-image":"","background-repeat":"repeat","background-position":"center center","background-size":"auto","background-attachment":"scroll","background-type":"","background-media":"","overlay-type":"","overlay-color":"","overlay-opacity":"","overlay-gradient":""}},"ast-content-background-meta":{"desktop":{"background-color":"var(--ast-global-color-5)","background-image":"","background-repeat":"repeat","background-position":"center center","background-size":"auto","background-attachment":"scroll","background-type":"","background-media":"","overlay-type":"","overlay-color":"","overlay-opacity":"","overlay-gradient":""},"tablet":{"background-color":"var(--ast-global-color-5)","background-image":"","background-repeat":"repeat","background-position":"center center","background-size":"auto","background-attachment":"scroll","background-type":"","background-media":"","overlay-type":"","overlay-color":"","overlay-opacity":"","overlay-gradient":""},"mobile":{"background-color":"var(--ast-global-color-5)","background-image":"","background-repeat":"repeat","background-position":"center center","background-size":"auto","background-attachment":"scroll","background-type":"","background-media":"","overlay-type":"","overlay-color":"","overlay-opacity":"","overlay-gradient":""}},"footnotes":""},"class_list":["post-453","page","type-page","status-publish","hentry"],"_links":{"self":[{"href":"https:\/\/www.solarbuergergenossenschaft.de\/index.php\/wp-json\/wp\/v2\/pages\/453","targetHints":{"allow":["GET"]}}],"collection":[{"href":"https:\/\/www.solarbuergergenossenschaft.de\/index.php\/wp-json\/wp\/v2\/pages"}],"about":[{"href":"https:\/\/www.solarbuergergenossenschaft.de\/index.php\/wp-json\/wp\/v2\/types\/page"}],"author":[{"embeddable":true,"href":"https:\/\/www.solarbuergergenossenschaft.de\/index.php\/wp-json\/wp\/v2\/users\/1"}],"replies":[{"embeddable":true,"href":"https:\/\/www.solarbuergergenossenschaft.de\/index.php\/wp-json\/wp\/v2\/comments?post=453"}],"version-history":[{"count":54,"href":"https:\/\/www.solarbuergergenossenschaft.de\/index.php\/wp-json\/wp\/v2\/pages\/453\/revisions"}],"predecessor-version":[{"id":1919,"href":"https:\/\/www.solarbuergergenossenschaft.de\/index.php\/wp-json\/wp\/v2\/pages\/453\/revisions\/1919"}],"wp:attachment":[{"href":"https:\/\/www.solarbuergergenossenschaft.de\/index.php\/wp-json\/wp\/v2\/media?parent=453"}],"curies":[{"name":"wp","href":"https:\/\/api.w.org\/{rel}","templated":true}]}}